{"id":1240,"date":"2020-02-09T20:37:58","date_gmt":"2020-02-09T20:37:58","guid":{"rendered":"https:\/\/epicentercanarias.com\/?post_type=product&#038;p=1240"},"modified":"2020-12-29T12:39:12","modified_gmt":"2020-12-29T12:39:12","slug":"media-mascara-reutilizable-7502","status":"publish","type":"product","link":"https:\/\/epicentercanarias.com\/en\/producto\/media-mascara-reutilizable-7502\/","title":{"rendered":"MEDIA M\u00c1SCARA REUTILIZABLE 7502"},"content":{"rendered":"<p>La media m\u00e1scara reutilizable 3M 7502 tiene un dise\u00f1o de conexi\u00f3n de doble filtro tipo bayoneta compatible con una amplia gama de filtros ligeros. Adem\u00e1s, cuenta con una v\u00e1lvula 3M Cool Flow, una superficie de ajuste suave y c\u00f3moda y un arn\u00e9s de cabeza exclusivo con correa ajustable opcional.<\/p>\n<p>Caracter\u00edsticas:<\/p>\n<ul>\n<li>Gracias a su superficie de ajuste suave y su baja resistencia a la respiraci\u00f3n, se pueden usar c\u00f3modamente durante periodos largos.<\/li>\n<li>Dise\u00f1o de doble filtro para una distribuci\u00f3n uniforme del peso y una obstrucci\u00f3n m\u00ednima del campo de visi\u00f3n.<\/li>\n<li>Tama\u00f1o mediano.<\/li>\n<\/ul>\n<p><strong><a href=\"https:\/\/epicentercanarias.com\/wp-content\/uploads\/2019\/12\/7500-7502.pdf\" rel=\"attachment wp-att-748\">Descargar Hoja Informativa<\/a><\/strong><\/p>\n","protected":false},"excerpt":{"rendered":"<p>La media m\u00e1scara reutilizable 3M 7502 tiene un dise\u00f1o de conexi\u00f3n de doble filtro tipo bayoneta compatible con una amplia gama de filtros ligeros. Adem\u00e1s, cuenta con una v\u00e1lvula 3M Cool Flow, una superficie de ajuste suave y c\u00f3moda y un arn\u00e9s de cabeza exclusivo con correa ajustable opcional. Caracter\u00edsticas: Gracias a su superficie de [&hellip;]<\/p>\n","protected":false},"featured_media":567,"template":"","meta":{"_uf_show_specific_survey":0,"_uf_disable_surveys":false,"site-sidebar-layout":"default","site-content-layout":"","ast-site-content-layout":"default","site-content-style":"default","site-sidebar-style":"default","ast-global-header-display":"","ast-banner-title-visibility":"","ast-main-header-display":"","ast-hfb-above-header-display":"","ast-hfb-below-header-display":"","ast-hfb-mobile-header-display":"","site-post-title":"","ast-breadcrumbs-content":"","ast-featured-img":"","footer-sml-layout":"","theme-transparent-header-meta":"","adv-header-id-meta":"","stick-header-meta":"","header-above-stick-meta":"","header-main-stick-meta":"","header-below-stick-meta":"","astra-migrate-meta-layouts":"default","ast-page-background-enabled":"default","ast-page-background-meta":{"desktop":{"background-color":"","background-image":"","background-repeat":"repeat","background-position":"center center","background-size":"auto","background-attachment":"scroll","background-type":"","background-media":"","overlay-type":"","overlay-color":"","overlay-opacity":"","overlay-gradient":""},"tablet":{"background-color":"","background-image":"","background-repeat":"repeat","background-position":"center center","background-size":"auto","background-attachment":"scroll","background-type":"","background-media":"","overlay-type":"","overlay-color":"","overlay-opacity":"","overlay-gradient":""},"mobile":{"background-color":"","background-image":"","background-repeat":"repeat","background-position":"center center","background-size":"auto","background-attachment":"scroll","background-type":"","background-media":"","overlay-type":"","overlay-color":"","overlay-opacity":"","overlay-gradient":""}},"ast-content-background-meta":{"desktop":{"background-color":"var(--ast-global-color-5)","background-image":"","background-repeat":"repeat","background-position":"center center","background-size":"auto","background-attachment":"scroll","background-type":"","background-media":"","overlay-type":"","overlay-color":"","overlay-opacity":"","overlay-gradient":""},"tablet":{"background-color":"var(--ast-global-color-5)","background-image":"","background-repeat":"repeat","background-position":"center center","background-size":"auto","background-attachment":"scroll","background-type":"","background-media":"","overlay-type":"","overlay-color":"","overlay-opacity":"","overlay-gradient":""},"mobile":{"background-color":"var(--ast-global-color-5)","background-image":"","background-repeat":"repeat","background-position":"center center","background-size":"auto","background-attachment":"scroll","background-type":"","background-media":"","overlay-type":"","overlay-color":"","overlay-opacity":"","overlay-gradient":""}}},"product_brand":[],"product_cat":[21],"product_tag":[55,57,56],"class_list":{"0":"post-1240","1":"product","2":"type-product","3":"status-publish","4":"has-post-thumbnail","6":"product_cat-mascaras","7":"product_tag-mascara","8":"product_tag-mediamascara","9":"product_tag-proteccionfacial","10":"desktop-align-center","11":"tablet-align-center","12":"mobile-align-center","13":"ast-product-gallery-layout-horizontal","14":"ast-product-tabs-layout-horizontal","15":"ast-qv-on-image","17":"first","18":"instock","19":"taxable","20":"shipping-taxable","21":"product-type-simple"},"yoast_head":"<!-- This site is optimized with the Yoast SEO plugin v26.1.1 - https:\/\/yoast.com\/wordpress\/plugins\/seo\/ -->\n<title>MEDIA M\u00c1SCARA REUTILIZABLE 7502 - Epi Center Canarias<\/title>\n<meta name=\"robots\" content=\"index, follow, max-snippet:-1, max-image-preview:large, max-video-preview:-1\" \/>\n<link rel=\"canonical\" href=\"https:\/\/epicentercanarias.com\/en\/producto\/media-mascara-reutilizable-7502\/\" \/>\n<meta property=\"og:locale\" content=\"en_US\" \/>\n<meta property=\"og:type\" content=\"article\" \/>\n<meta property=\"og:title\" content=\"MEDIA M\u00c1SCARA REUTILIZABLE 7502 - Epi Center Canarias\" \/>\n<meta property=\"og:description\" content=\"La media m\u00e1scara reutilizable 3M 7502 tiene un dise\u00f1o de conexi\u00f3n de doble filtro tipo bayoneta compatible con una amplia gama de filtros ligeros. Adem\u00e1s, cuenta con una v\u00e1lvula 3M Cool Flow, una superficie de ajuste suave y c\u00f3moda y un arn\u00e9s de cabeza exclusivo con correa ajustable opcional. Caracter\u00edsticas: Gracias a su superficie de [&hellip;]\" \/>\n<meta property=\"og:url\" content=\"https:\/\/epicentercanarias.com\/en\/producto\/media-mascara-reutilizable-7502\/\" \/>\n<meta property=\"og:site_name\" content=\"Epi Center Canarias\" \/>\n<meta property=\"article:publisher\" content=\"https:\/\/www.facebook.com\/epicentercanariaslaspalmas\" \/>\n<meta property=\"article:modified_time\" content=\"2020-12-29T12:39:12+00:00\" \/>\n<meta property=\"og:image\" content=\"https:\/\/epicentercanarias.com\/wp-content\/uploads\/2019\/12\/3m-7500.jpg\" \/>\n\t<meta property=\"og:image:width\" content=\"400\" \/>\n\t<meta property=\"og:image:height\" content=\"400\" \/>\n\t<meta property=\"og:image:type\" content=\"image\/jpeg\" \/>\n<meta name=\"twitter:card\" content=\"summary_large_image\" \/>\n<meta name=\"twitter:label1\" content=\"Est. reading time\" \/>\n\t<meta name=\"twitter:data1\" content=\"1 minute\" \/>\n<script type=\"application\/ld+json\" class=\"yoast-schema-graph\">{\"@context\":\"https:\/\/schema.org\",\"@graph\":[{\"@type\":\"WebPage\",\"@id\":\"https:\/\/epicentercanarias.com\/en\/producto\/media-mascara-reutilizable-7502\/\",\"url\":\"https:\/\/epicentercanarias.com\/en\/producto\/media-mascara-reutilizable-7502\/\",\"name\":\"MEDIA M\u00c1SCARA REUTILIZABLE 7502 - Epi Center Canarias\",\"isPartOf\":{\"@id\":\"https:\/\/epicentercanarias.com\/en\/#website\"},\"primaryImageOfPage\":{\"@id\":\"https:\/\/epicentercanarias.com\/en\/producto\/media-mascara-reutilizable-7502\/#primaryimage\"},\"image\":{\"@id\":\"https:\/\/epicentercanarias.com\/en\/producto\/media-mascara-reutilizable-7502\/#primaryimage\"},\"thumbnailUrl\":\"https:\/\/epicentercanarias.com\/wp-content\/uploads\/2019\/12\/3m-7500.jpg\",\"datePublished\":\"2020-02-09T20:37:58+00:00\",\"dateModified\":\"2020-12-29T12:39:12+00:00\",\"breadcrumb\":{\"@id\":\"https:\/\/epicentercanarias.com\/en\/producto\/media-mascara-reutilizable-7502\/#breadcrumb\"},\"inLanguage\":\"en-US\",\"potentialAction\":[{\"@type\":\"ReadAction\",\"target\":[\"https:\/\/epicentercanarias.com\/en\/producto\/media-mascara-reutilizable-7502\/\"]}]},{\"@type\":\"ImageObject\",\"inLanguage\":\"en-US\",\"@id\":\"https:\/\/epicentercanarias.com\/en\/producto\/media-mascara-reutilizable-7502\/#primaryimage\",\"url\":\"https:\/\/epicentercanarias.com\/wp-content\/uploads\/2019\/12\/3m-7500.jpg\",\"contentUrl\":\"https:\/\/epicentercanarias.com\/wp-content\/uploads\/2019\/12\/3m-7500.jpg\",\"width\":400,\"height\":400},{\"@type\":\"BreadcrumbList\",\"@id\":\"https:\/\/epicentercanarias.com\/en\/producto\/media-mascara-reutilizable-7502\/#breadcrumb\",\"itemListElement\":[{\"@type\":\"ListItem\",\"position\":1,\"name\":\"Portada\",\"item\":\"https:\/\/epicentercanarias.com\/en\/home\/\"},{\"@type\":\"ListItem\",\"position\":2,\"name\":\"Shop\",\"item\":\"https:\/\/epicentercanarias.com\/en\/shop\/\"},{\"@type\":\"ListItem\",\"position\":3,\"name\":\"MEDIA M\u00c1SCARA REUTILIZABLE 7502\"}]},{\"@type\":\"WebSite\",\"@id\":\"https:\/\/epicentercanarias.com\/en\/#website\",\"url\":\"https:\/\/epicentercanarias.com\/en\/\",\"name\":\"Epi Center Canarias\",\"description\":\"Tienda de suministros y mayorista de equipos de protecci\u00f3n individual\",\"publisher\":{\"@id\":\"https:\/\/epicentercanarias.com\/en\/#organization\"},\"potentialAction\":[{\"@type\":\"SearchAction\",\"target\":{\"@type\":\"EntryPoint\",\"urlTemplate\":\"https:\/\/epicentercanarias.com\/en\/?s={search_term_string}\"},\"query-input\":{\"@type\":\"PropertyValueSpecification\",\"valueRequired\":true,\"valueName\":\"search_term_string\"}}],\"inLanguage\":\"en-US\"},{\"@type\":\"Organization\",\"@id\":\"https:\/\/epicentercanarias.com\/en\/#organization\",\"name\":\"Epi Center Canarias\",\"url\":\"https:\/\/epicentercanarias.com\/en\/\",\"logo\":{\"@type\":\"ImageObject\",\"inLanguage\":\"en-US\",\"@id\":\"https:\/\/epicentercanarias.com\/en\/#\/schema\/logo\/image\/\",\"url\":\"https:\/\/epicentercanarias.com\/wp-content\/uploads\/2020\/01\/Logo-Epicenter-Canarias-amarillo.png\",\"contentUrl\":\"https:\/\/epicentercanarias.com\/wp-content\/uploads\/2020\/01\/Logo-Epicenter-Canarias-amarillo.png\",\"width\":473,\"height\":364,\"caption\":\"Epi Center Canarias\"},\"image\":{\"@id\":\"https:\/\/epicentercanarias.com\/en\/#\/schema\/logo\/image\/\"},\"sameAs\":[\"https:\/\/www.facebook.com\/epicentercanariaslaspalmas\",\"https:\/\/www.instagram.com\/epicentercanarias\/\"]}]}<\/script>\n<!-- \/ Yoast SEO plugin. -->","yoast_head_json":{"title":"MEDIA M\u00c1SCARA REUTILIZABLE 7502 - Epi Center Canarias","robots":{"index":"index","follow":"follow","max-snippet":"max-snippet:-1","max-image-preview":"max-image-preview:large","max-video-preview":"max-video-preview:-1"},"canonical":"https:\/\/epicentercanarias.com\/en\/producto\/media-mascara-reutilizable-7502\/","og_locale":"en_US","og_type":"article","og_title":"MEDIA M\u00c1SCARA REUTILIZABLE 7502 - Epi Center Canarias","og_description":"La media m\u00e1scara reutilizable 3M 7502 tiene un dise\u00f1o de conexi\u00f3n de doble filtro tipo bayoneta compatible con una amplia gama de filtros ligeros. Adem\u00e1s, cuenta con una v\u00e1lvula 3M Cool Flow, una superficie de ajuste suave y c\u00f3moda y un arn\u00e9s de cabeza exclusivo con correa ajustable opcional. Caracter\u00edsticas: Gracias a su superficie de [&hellip;]","og_url":"https:\/\/epicentercanarias.com\/en\/producto\/media-mascara-reutilizable-7502\/","og_site_name":"Epi Center Canarias","article_publisher":"https:\/\/www.facebook.com\/epicentercanariaslaspalmas","article_modified_time":"2020-12-29T12:39:12+00:00","og_image":[{"width":400,"height":400,"url":"https:\/\/epicentercanarias.com\/wp-content\/uploads\/2019\/12\/3m-7500.jpg","type":"image\/jpeg"}],"twitter_card":"summary_large_image","twitter_misc":{"Est. reading time":"1 minute"},"schema":{"@context":"https:\/\/schema.org","@graph":[{"@type":"WebPage","@id":"https:\/\/epicentercanarias.com\/en\/producto\/media-mascara-reutilizable-7502\/","url":"https:\/\/epicentercanarias.com\/en\/producto\/media-mascara-reutilizable-7502\/","name":"MEDIA M\u00c1SCARA REUTILIZABLE 7502 - Epi Center Canarias","isPartOf":{"@id":"https:\/\/epicentercanarias.com\/en\/#website"},"primaryImageOfPage":{"@id":"https:\/\/epicentercanarias.com\/en\/producto\/media-mascara-reutilizable-7502\/#primaryimage"},"image":{"@id":"https:\/\/epicentercanarias.com\/en\/producto\/media-mascara-reutilizable-7502\/#primaryimage"},"thumbnailUrl":"https:\/\/epicentercanarias.com\/wp-content\/uploads\/2019\/12\/3m-7500.jpg","datePublished":"2020-02-09T20:37:58+00:00","dateModified":"2020-12-29T12:39:12+00:00","breadcrumb":{"@id":"https:\/\/epicentercanarias.com\/en\/producto\/media-mascara-reutilizable-7502\/#breadcrumb"},"inLanguage":"en-US","potentialAction":[{"@type":"ReadAction","target":["https:\/\/epicentercanarias.com\/en\/producto\/media-mascara-reutilizable-7502\/"]}]},{"@type":"ImageObject","inLanguage":"en-US","@id":"https:\/\/epicentercanarias.com\/en\/producto\/media-mascara-reutilizable-7502\/#primaryimage","url":"https:\/\/epicentercanarias.com\/wp-content\/uploads\/2019\/12\/3m-7500.jpg","contentUrl":"https:\/\/epicentercanarias.com\/wp-content\/uploads\/2019\/12\/3m-7500.jpg","width":400,"height":400},{"@type":"BreadcrumbList","@id":"https:\/\/epicentercanarias.com\/en\/producto\/media-mascara-reutilizable-7502\/#breadcrumb","itemListElement":[{"@type":"ListItem","position":1,"name":"Portada","item":"https:\/\/epicentercanarias.com\/en\/home\/"},{"@type":"ListItem","position":2,"name":"Shop","item":"https:\/\/epicentercanarias.com\/en\/shop\/"},{"@type":"ListItem","position":3,"name":"MEDIA M\u00c1SCARA REUTILIZABLE 7502"}]},{"@type":"WebSite","@id":"https:\/\/epicentercanarias.com\/en\/#website","url":"https:\/\/epicentercanarias.com\/en\/","name":"Epi Center Canarias","description":"Tienda de suministros y mayorista de equipos de protecci\u00f3n individual","publisher":{"@id":"https:\/\/epicentercanarias.com\/en\/#organization"},"potentialAction":[{"@type":"SearchAction","target":{"@type":"EntryPoint","urlTemplate":"https:\/\/epicentercanarias.com\/en\/?s={search_term_string}"},"query-input":{"@type":"PropertyValueSpecification","valueRequired":true,"valueName":"search_term_string"}}],"inLanguage":"en-US"},{"@type":"Organization","@id":"https:\/\/epicentercanarias.com\/en\/#organization","name":"Epi Center Canarias","url":"https:\/\/epicentercanarias.com\/en\/","logo":{"@type":"ImageObject","inLanguage":"en-US","@id":"https:\/\/epicentercanarias.com\/en\/#\/schema\/logo\/image\/","url":"https:\/\/epicentercanarias.com\/wp-content\/uploads\/2020\/01\/Logo-Epicenter-Canarias-amarillo.png","contentUrl":"https:\/\/epicentercanarias.com\/wp-content\/uploads\/2020\/01\/Logo-Epicenter-Canarias-amarillo.png","width":473,"height":364,"caption":"Epi Center Canarias"},"image":{"@id":"https:\/\/epicentercanarias.com\/en\/#\/schema\/logo\/image\/"},"sameAs":["https:\/\/www.facebook.com\/epicentercanariaslaspalmas","https:\/\/www.instagram.com\/epicentercanarias\/"]}]}},"_links":{"self":[{"href":"https:\/\/epicentercanarias.com\/en\/wp-json\/wp\/v2\/product\/1240","targetHints":{"allow":["GET"]}}],"collection":[{"href":"https:\/\/epicentercanarias.com\/en\/wp-json\/wp\/v2\/product"}],"about":[{"href":"https:\/\/epicentercanarias.com\/en\/wp-json\/wp\/v2\/types\/product"}],"version-history":[{"count":0,"href":"https:\/\/epicentercanarias.com\/en\/wp-json\/wp\/v2\/product\/1240\/revisions"}],"wp:featuredmedia":[{"embeddable":true,"href":"https:\/\/epicentercanarias.com\/en\/wp-json\/wp\/v2\/media\/567"}],"wp:attachment":[{"href":"https:\/\/epicentercanarias.com\/en\/wp-json\/wp\/v2\/media?parent=1240"}],"wp:term":[{"taxonomy":"product_brand","embeddable":true,"href":"https:\/\/epicentercanarias.com\/en\/wp-json\/wp\/v2\/product_brand?post=1240"},{"taxonomy":"product_cat","embeddable":true,"href":"https:\/\/epicentercanarias.com\/en\/wp-json\/wp\/v2\/product_cat?post=1240"},{"taxonomy":"product_tag","embeddable":true,"href":"https:\/\/epicentercanarias.com\/en\/wp-json\/wp\/v2\/product_tag?post=1240"}],"curies":[{"name":"wp","href":"https:\/\/api.w.org\/{rel}","templated":true}]}}