{"id":1859,"date":"2020-12-27T05:17:57","date_gmt":"2020-12-27T05:17:57","guid":{"rendered":"https:\/\/epicentercanarias.com\/?post_type=product&#038;p=1859"},"modified":"2020-12-27T05:17:57","modified_gmt":"2020-12-27T05:17:57","slug":"ps46-protector-auditivo-premium","status":"publish","type":"product","link":"https:\/\/epicentercanarias.com\/en\/producto\/ps46-protector-auditivo-premium\/","title":{"rendered":"PS46 &#8211; Protector auditivo Premium"},"content":{"rendered":"<p>Protector Premium con arco para la cabeza de PU acolchado que proporciona el m\u00e1ximo confort durante largos per\u00edodos de uso. Dise\u00f1o moderno con copas ajustables por doble sujeci\u00f3n para un ajuste optimizado. El excelente rendimiento en atenuaci\u00f3n proporciona una protecci\u00f3n superior contra ruidos da\u00f1inos.<\/p>\n<p>Caracter\u00edsticas:<\/p>\n<ul>\n<li>Ligera y robusta<\/li>\n<li>Banda para la cabeza acolchada para mayor confort<\/li>\n<li>Bolsa expositora que ayuda a la presentaci\u00f3n para la venta en tienda<\/li>\n<\/ul>\n<p><a href=\"https:\/\/epicentercanarias.com\/wp-content\/uploads\/2020\/12\/PS46.pdf\" rel=\"noopener\" target=\"_blank\">Descargar ficha t\u00e9cnica<\/a><\/p>\n","protected":false},"excerpt":{"rendered":"<p>Protector Premium con arco para la cabeza de PU acolchado que proporciona el m\u00e1ximo confort durante largos per\u00edodos de uso. Dise\u00f1o moderno con copas ajustables por doble sujeci\u00f3n para un ajuste optimizado. El excelente rendimiento en atenuaci\u00f3n proporciona una protecci\u00f3n superior contra ruidos da\u00f1inos. Caracter\u00edsticas: Ligera y robusta Banda para la cabeza acolchada para mayor [&hellip;]<\/p>\n","protected":false},"featured_media":1841,"template":"","meta":{"_uf_show_specific_survey":0,"_uf_disable_surveys":false,"site-sidebar-layout":"default","site-content-layout":"","ast-site-content-layout":"default","site-content-style":"default","site-sidebar-style":"default","ast-global-header-display":"","ast-banner-title-visibility":"","ast-main-header-display":"","ast-hfb-above-header-display":"","ast-hfb-below-header-display":"","ast-hfb-mobile-header-display":"","site-post-title":"","ast-breadcrumbs-content":"","ast-featured-img":"","footer-sml-layout":"","theme-transparent-header-meta":"","adv-header-id-meta":"","stick-header-meta":"","header-above-stick-meta":"","header-main-stick-meta":"","header-below-stick-meta":"","astra-migrate-meta-layouts":"default","ast-page-background-enabled":"default","ast-page-background-meta":{"desktop":{"background-color":"","background-image":"","background-repeat":"repeat","background-position":"center center","background-size":"auto","background-attachment":"scroll","background-type":"","background-media":"","overlay-type":"","overlay-color":"","overlay-opacity":"","overlay-gradient":""},"tablet":{"background-color":"","background-image":"","background-repeat":"repeat","background-position":"center center","background-size":"auto","background-attachment":"scroll","background-type":"","background-media":"","overlay-type":"","overlay-color":"","overlay-opacity":"","overlay-gradient":""},"mobile":{"background-color":"","background-image":"","background-repeat":"repeat","background-position":"center center","background-size":"auto","background-attachment":"scroll","background-type":"","background-media":"","overlay-type":"","overlay-color":"","overlay-opacity":"","overlay-gradient":""}},"ast-content-background-meta":{"desktop":{"background-color":"var(--ast-global-color-5)","background-image":"","background-repeat":"repeat","background-position":"center center","background-size":"auto","background-attachment":"scroll","background-type":"","background-media":"","overlay-type":"","overlay-color":"","overlay-opacity":"","overlay-gradient":""},"tablet":{"background-color":"var(--ast-global-color-5)","background-image":"","background-repeat":"repeat","background-position":"center center","background-size":"auto","background-attachment":"scroll","background-type":"","background-media":"","overlay-type":"","overlay-color":"","overlay-opacity":"","overlay-gradient":""},"mobile":{"background-color":"var(--ast-global-color-5)","background-image":"","background-repeat":"repeat","background-position":"center center","background-size":"auto","background-attachment":"scroll","background-type":"","background-media":"","overlay-type":"","overlay-color":"","overlay-opacity":"","overlay-gradient":""}}},"product_brand":[],"product_cat":[41],"product_tag":[46,47],"class_list":{"0":"post-1859","1":"product","2":"type-product","3":"status-publish","4":"has-post-thumbnail","6":"product_cat-proteccion-oidos","7":"product_tag-cascos","8":"product_tag-proteccionauditiva","9":"desktop-align-center","10":"tablet-align-center","11":"mobile-align-center","12":"ast-product-gallery-layout-horizontal","13":"ast-product-gallery-with-no-image","14":"ast-product-tabs-layout-horizontal","15":"ast-qv-on-image","17":"first","18":"instock","19":"taxable","20":"shipping-taxable","21":"product-type-simple"},"yoast_head":"<!-- This site is optimized with the Yoast SEO plugin v26.1.1 - https:\/\/yoast.com\/wordpress\/plugins\/seo\/ -->\n<title>PS46 - Protector auditivo Premium - Epi Center Canarias<\/title>\n<meta name=\"robots\" content=\"index, follow, max-snippet:-1, max-image-preview:large, max-video-preview:-1\" \/>\n<link rel=\"canonical\" href=\"https:\/\/epicentercanarias.com\/en\/producto\/ps46-protector-auditivo-premium\/\" \/>\n<meta property=\"og:locale\" content=\"en_US\" \/>\n<meta property=\"og:type\" content=\"article\" \/>\n<meta property=\"og:title\" content=\"PS46 - Protector auditivo Premium - Epi Center Canarias\" \/>\n<meta property=\"og:description\" content=\"Protector Premium con arco para la cabeza de PU acolchado que proporciona el m\u00e1ximo confort durante largos per\u00edodos de uso. Dise\u00f1o moderno con copas ajustables por doble sujeci\u00f3n para un ajuste optimizado. El excelente rendimiento en atenuaci\u00f3n proporciona una protecci\u00f3n superior contra ruidos da\u00f1inos. Caracter\u00edsticas: Ligera y robusta Banda para la cabeza acolchada para mayor [&hellip;]\" \/>\n<meta property=\"og:url\" content=\"https:\/\/epicentercanarias.com\/en\/producto\/ps46-protector-auditivo-premium\/\" \/>\n<meta property=\"og:site_name\" content=\"Epi Center Canarias\" \/>\n<meta property=\"article:publisher\" content=\"https:\/\/www.facebook.com\/epicentercanariaslaspalmas\" \/>\n<meta property=\"og:image\" content=\"https:\/\/epicentercanarias.com\/wp-content\/uploads\/2020\/12\/ps46.jpeg\" \/>\n\t<meta property=\"og:image:width\" content=\"400\" \/>\n\t<meta property=\"og:image:height\" content=\"400\" \/>\n\t<meta property=\"og:image:type\" content=\"image\/jpeg\" \/>\n<meta name=\"twitter:card\" content=\"summary_large_image\" \/>\n<script type=\"application\/ld+json\" class=\"yoast-schema-graph\">{\"@context\":\"https:\/\/schema.org\",\"@graph\":[{\"@type\":\"WebPage\",\"@id\":\"https:\/\/epicentercanarias.com\/en\/producto\/ps46-protector-auditivo-premium\/\",\"url\":\"https:\/\/epicentercanarias.com\/en\/producto\/ps46-protector-auditivo-premium\/\",\"name\":\"PS46 - Protector auditivo Premium - Epi Center Canarias\",\"isPartOf\":{\"@id\":\"https:\/\/epicentercanarias.com\/en\/#website\"},\"primaryImageOfPage\":{\"@id\":\"https:\/\/epicentercanarias.com\/en\/producto\/ps46-protector-auditivo-premium\/#primaryimage\"},\"image\":{\"@id\":\"https:\/\/epicentercanarias.com\/en\/producto\/ps46-protector-auditivo-premium\/#primaryimage\"},\"thumbnailUrl\":\"https:\/\/epicentercanarias.com\/wp-content\/uploads\/2020\/12\/ps46.jpeg\",\"datePublished\":\"2020-12-27T05:17:57+00:00\",\"breadcrumb\":{\"@id\":\"https:\/\/epicentercanarias.com\/en\/producto\/ps46-protector-auditivo-premium\/#breadcrumb\"},\"inLanguage\":\"en-US\",\"potentialAction\":[{\"@type\":\"ReadAction\",\"target\":[\"https:\/\/epicentercanarias.com\/en\/producto\/ps46-protector-auditivo-premium\/\"]}]},{\"@type\":\"ImageObject\",\"inLanguage\":\"en-US\",\"@id\":\"https:\/\/epicentercanarias.com\/en\/producto\/ps46-protector-auditivo-premium\/#primaryimage\",\"url\":\"https:\/\/epicentercanarias.com\/wp-content\/uploads\/2020\/12\/ps46.jpeg\",\"contentUrl\":\"https:\/\/epicentercanarias.com\/wp-content\/uploads\/2020\/12\/ps46.jpeg\",\"width\":400,\"height\":400},{\"@type\":\"BreadcrumbList\",\"@id\":\"https:\/\/epicentercanarias.com\/en\/producto\/ps46-protector-auditivo-premium\/#breadcrumb\",\"itemListElement\":[{\"@type\":\"ListItem\",\"position\":1,\"name\":\"Portada\",\"item\":\"https:\/\/epicentercanarias.com\/en\/home\/\"},{\"@type\":\"ListItem\",\"position\":2,\"name\":\"Shop\",\"item\":\"https:\/\/epicentercanarias.com\/en\/shop\/\"},{\"@type\":\"ListItem\",\"position\":3,\"name\":\"PS46 &#8211; Protector auditivo Premium\"}]},{\"@type\":\"WebSite\",\"@id\":\"https:\/\/epicentercanarias.com\/en\/#website\",\"url\":\"https:\/\/epicentercanarias.com\/en\/\",\"name\":\"Epi Center Canarias\",\"description\":\"Tienda de suministros y mayorista de equipos de protecci\u00f3n individual\",\"publisher\":{\"@id\":\"https:\/\/epicentercanarias.com\/en\/#organization\"},\"potentialAction\":[{\"@type\":\"SearchAction\",\"target\":{\"@type\":\"EntryPoint\",\"urlTemplate\":\"https:\/\/epicentercanarias.com\/en\/?s={search_term_string}\"},\"query-input\":{\"@type\":\"PropertyValueSpecification\",\"valueRequired\":true,\"valueName\":\"search_term_string\"}}],\"inLanguage\":\"en-US\"},{\"@type\":\"Organization\",\"@id\":\"https:\/\/epicentercanarias.com\/en\/#organization\",\"name\":\"Epi Center Canarias\",\"url\":\"https:\/\/epicentercanarias.com\/en\/\",\"logo\":{\"@type\":\"ImageObject\",\"inLanguage\":\"en-US\",\"@id\":\"https:\/\/epicentercanarias.com\/en\/#\/schema\/logo\/image\/\",\"url\":\"https:\/\/epicentercanarias.com\/wp-content\/uploads\/2020\/01\/Logo-Epicenter-Canarias-amarillo.png\",\"contentUrl\":\"https:\/\/epicentercanarias.com\/wp-content\/uploads\/2020\/01\/Logo-Epicenter-Canarias-amarillo.png\",\"width\":473,\"height\":364,\"caption\":\"Epi Center Canarias\"},\"image\":{\"@id\":\"https:\/\/epicentercanarias.com\/en\/#\/schema\/logo\/image\/\"},\"sameAs\":[\"https:\/\/www.facebook.com\/epicentercanariaslaspalmas\",\"https:\/\/www.instagram.com\/epicentercanarias\/\"]}]}<\/script>\n<!-- \/ Yoast SEO plugin. -->","yoast_head_json":{"title":"PS46 - Protector auditivo Premium - Epi Center Canarias","robots":{"index":"index","follow":"follow","max-snippet":"max-snippet:-1","max-image-preview":"max-image-preview:large","max-video-preview":"max-video-preview:-1"},"canonical":"https:\/\/epicentercanarias.com\/en\/producto\/ps46-protector-auditivo-premium\/","og_locale":"en_US","og_type":"article","og_title":"PS46 - Protector auditivo Premium - Epi Center Canarias","og_description":"Protector Premium con arco para la cabeza de PU acolchado que proporciona el m\u00e1ximo confort durante largos per\u00edodos de uso. Dise\u00f1o moderno con copas ajustables por doble sujeci\u00f3n para un ajuste optimizado. El excelente rendimiento en atenuaci\u00f3n proporciona una protecci\u00f3n superior contra ruidos da\u00f1inos. Caracter\u00edsticas: Ligera y robusta Banda para la cabeza acolchada para mayor [&hellip;]","og_url":"https:\/\/epicentercanarias.com\/en\/producto\/ps46-protector-auditivo-premium\/","og_site_name":"Epi Center Canarias","article_publisher":"https:\/\/www.facebook.com\/epicentercanariaslaspalmas","og_image":[{"width":400,"height":400,"url":"https:\/\/epicentercanarias.com\/wp-content\/uploads\/2020\/12\/ps46.jpeg","type":"image\/jpeg"}],"twitter_card":"summary_large_image","schema":{"@context":"https:\/\/schema.org","@graph":[{"@type":"WebPage","@id":"https:\/\/epicentercanarias.com\/en\/producto\/ps46-protector-auditivo-premium\/","url":"https:\/\/epicentercanarias.com\/en\/producto\/ps46-protector-auditivo-premium\/","name":"PS46 - Protector auditivo Premium - Epi Center Canarias","isPartOf":{"@id":"https:\/\/epicentercanarias.com\/en\/#website"},"primaryImageOfPage":{"@id":"https:\/\/epicentercanarias.com\/en\/producto\/ps46-protector-auditivo-premium\/#primaryimage"},"image":{"@id":"https:\/\/epicentercanarias.com\/en\/producto\/ps46-protector-auditivo-premium\/#primaryimage"},"thumbnailUrl":"https:\/\/epicentercanarias.com\/wp-content\/uploads\/2020\/12\/ps46.jpeg","datePublished":"2020-12-27T05:17:57+00:00","breadcrumb":{"@id":"https:\/\/epicentercanarias.com\/en\/producto\/ps46-protector-auditivo-premium\/#breadcrumb"},"inLanguage":"en-US","potentialAction":[{"@type":"ReadAction","target":["https:\/\/epicentercanarias.com\/en\/producto\/ps46-protector-auditivo-premium\/"]}]},{"@type":"ImageObject","inLanguage":"en-US","@id":"https:\/\/epicentercanarias.com\/en\/producto\/ps46-protector-auditivo-premium\/#primaryimage","url":"https:\/\/epicentercanarias.com\/wp-content\/uploads\/2020\/12\/ps46.jpeg","contentUrl":"https:\/\/epicentercanarias.com\/wp-content\/uploads\/2020\/12\/ps46.jpeg","width":400,"height":400},{"@type":"BreadcrumbList","@id":"https:\/\/epicentercanarias.com\/en\/producto\/ps46-protector-auditivo-premium\/#breadcrumb","itemListElement":[{"@type":"ListItem","position":1,"name":"Portada","item":"https:\/\/epicentercanarias.com\/en\/home\/"},{"@type":"ListItem","position":2,"name":"Shop","item":"https:\/\/epicentercanarias.com\/en\/shop\/"},{"@type":"ListItem","position":3,"name":"PS46 &#8211; Protector auditivo Premium"}]},{"@type":"WebSite","@id":"https:\/\/epicentercanarias.com\/en\/#website","url":"https:\/\/epicentercanarias.com\/en\/","name":"Epi Center Canarias","description":"Tienda de suministros y mayorista de equipos de protecci\u00f3n individual","publisher":{"@id":"https:\/\/epicentercanarias.com\/en\/#organization"},"potentialAction":[{"@type":"SearchAction","target":{"@type":"EntryPoint","urlTemplate":"https:\/\/epicentercanarias.com\/en\/?s={search_term_string}"},"query-input":{"@type":"PropertyValueSpecification","valueRequired":true,"valueName":"search_term_string"}}],"inLanguage":"en-US"},{"@type":"Organization","@id":"https:\/\/epicentercanarias.com\/en\/#organization","name":"Epi Center Canarias","url":"https:\/\/epicentercanarias.com\/en\/","logo":{"@type":"ImageObject","inLanguage":"en-US","@id":"https:\/\/epicentercanarias.com\/en\/#\/schema\/logo\/image\/","url":"https:\/\/epicentercanarias.com\/wp-content\/uploads\/2020\/01\/Logo-Epicenter-Canarias-amarillo.png","contentUrl":"https:\/\/epicentercanarias.com\/wp-content\/uploads\/2020\/01\/Logo-Epicenter-Canarias-amarillo.png","width":473,"height":364,"caption":"Epi Center Canarias"},"image":{"@id":"https:\/\/epicentercanarias.com\/en\/#\/schema\/logo\/image\/"},"sameAs":["https:\/\/www.facebook.com\/epicentercanariaslaspalmas","https:\/\/www.instagram.com\/epicentercanarias\/"]}]}},"_links":{"self":[{"href":"https:\/\/epicentercanarias.com\/en\/wp-json\/wp\/v2\/product\/1859","targetHints":{"allow":["GET"]}}],"collection":[{"href":"https:\/\/epicentercanarias.com\/en\/wp-json\/wp\/v2\/product"}],"about":[{"href":"https:\/\/epicentercanarias.com\/en\/wp-json\/wp\/v2\/types\/product"}],"version-history":[{"count":0,"href":"https:\/\/epicentercanarias.com\/en\/wp-json\/wp\/v2\/product\/1859\/revisions"}],"wp:featuredmedia":[{"embeddable":true,"href":"https:\/\/epicentercanarias.com\/en\/wp-json\/wp\/v2\/media\/1841"}],"wp:attachment":[{"href":"https:\/\/epicentercanarias.com\/en\/wp-json\/wp\/v2\/media?parent=1859"}],"wp:term":[{"taxonomy":"product_brand","embeddable":true,"href":"https:\/\/epicentercanarias.com\/en\/wp-json\/wp\/v2\/product_brand?post=1859"},{"taxonomy":"product_cat","embeddable":true,"href":"https:\/\/epicentercanarias.com\/en\/wp-json\/wp\/v2\/product_cat?post=1859"},{"taxonomy":"product_tag","embeddable":true,"href":"https:\/\/epicentercanarias.com\/en\/wp-json\/wp\/v2\/product_tag?post=1859"}],"curies":[{"name":"wp","href":"https:\/\/api.w.org\/{rel}","templated":true}]}}